{"id":2791,"date":"2018-10-02T08:34:00","date_gmt":"2018-10-02T08:34:00","guid":{"rendered":"http:\/\/ioanaciocan.com\/?page_id=2791"},"modified":"2018-10-02T08:34:00","modified_gmt":"2018-10-02T08:34:00","slug":"ro-zbor","status":"publish","type":"page","link":"https:\/\/ioanaciocan.com\/ro\/curatorial-projects\/ro-zbor\/","title":{"rendered":"Zbor"},"content":{"rendered":"<p>\u00cen an centenar celebr\u0103m marile personalit\u0103\u021bi ale culturii rom\u00e2ne \u0219i promov\u0103m tinerii arti\u0219ti rom\u00e2ni contemporani \u00een spa\u021biul lusitan. Am inaugurat, a\u0219adar, \u00een parcul Marechal Carmona din centrul ora\u0219ului Cascais, cu sprijinul Prim\u0103riei Municipiului Cascais \u0219i al Funda\u021biei D. Lu\u00eds I, opera de mari dimensiuni \u201cZbor\u201d, realizat\u0103 de artistul \u0218tefan Radu Cre\u021b<span class=\"text_exposed_show\">u, curator\u00a0<a class=\"profileLink\" href=\"https:\/\/www.facebook.com\/proiect1990?fref=mentions\" data-hovercard=\"\/ajax\/hovercard\/user.php?id=100000638747177&amp;extragetparams=%7B%22fref%22%3A%22mentions%22%7D\" data-hovercard-prefer-more-content-show=\"1\">Ioana Ciocan<\/a>. Instala\u021bia abordeaz\u0103 o tem\u0103 mitologic\u0103, a p\u0103s\u0103rii de foc. Pas\u0103rea Phoenix este asociat\u0103 Soarelui, dar apare tot timpul altfel, sub diverse forme, nuan\u021be de culoare \u0219i dimensiuni, astfel \u00eenc\u00e2t imaginea r\u0103m\u00e2ne \u00eentodeauna enigmatic\u0103. \u201cZbor (Cinnyris geom\u00e9trica) este o schi\u021b\u0103 tridimensional\u0103, o fic\u021biune vizual\u0103, \u00een care focul rena\u0219terii este \u00eenlocuit de o lumin\u0103 stroboscopic\u0103 cu efect oniric la l\u0103sarea \u00eentunericului. Forma p\u0103s\u0103rii este \u00eencadrat\u0103 de un desen tridimensional care simuleaz\u0103 un origami, subliniind astfel silueta prototip, nedezvoltat\u0103, ca un act al reform\u0103rii\u201d (\u0218tefan Radu Cre\u021bu)\u00a0<\/span><\/p>","protected":false},"excerpt":{"rendered":"<p>\u00cen an centenar celebr\u0103m marile personalit\u0103\u021bi ale culturii rom\u00e2ne \u0219i promov\u0103m tinerii arti\u0219ti rom\u00e2ni contemporani \u00een spa\u021biul lusitan. Am inaugurat, a\u0219adar, \u00een parcul Marechal Carmona din centrul ora\u0219ului Cascais, cu sprijinul Prim\u0103riei Municipiului Cascais \u0219i al Funda\u021biei D. Lu\u00eds I, opera de mari dimensiuni \u201cZbor\u201d, realizat\u0103 de artistul \u0218tefan Radu Cre\u021bu, curator\u00a0Ioana Ciocan. Instala\u021bia abordeaz\u0103 [&hellip;]<\/p>\n","protected":false},"author":2,"featured_media":2793,"parent":2468,"menu_order":0,"comment_status":"closed","ping_status":"closed","template":"","meta":{"footnotes":""},"_links":{"self":[{"href":"https:\/\/ioanaciocan.com\/ro\/wp-json\/wp\/v2\/pages\/2791"}],"collection":[{"href":"https:\/\/ioanaciocan.com\/ro\/wp-json\/wp\/v2\/pages"}],"about":[{"href":"https:\/\/ioanaciocan.com\/ro\/wp-json\/wp\/v2\/types\/page"}],"author":[{"embeddable":true,"href":"https:\/\/ioanaciocan.com\/ro\/wp-json\/wp\/v2\/users\/2"}],"replies":[{"embeddable":true,"href":"https:\/\/ioanaciocan.com\/ro\/wp-json\/wp\/v2\/comments?post=2791"}],"version-history":[{"count":1,"href":"https:\/\/ioanaciocan.com\/ro\/wp-json\/wp\/v2\/pages\/2791\/revisions"}],"predecessor-version":[{"id":2796,"href":"https:\/\/ioanaciocan.com\/ro\/wp-json\/wp\/v2\/pages\/2791\/revisions\/2796"}],"up":[{"embeddable":true,"href":"https:\/\/ioanaciocan.com\/ro\/wp-json\/wp\/v2\/pages\/2468"}],"wp:featuredmedia":[{"embeddable":true,"href":"https:\/\/ioanaciocan.com\/ro\/wp-json\/wp\/v2\/media\/2793"}],"wp:attachment":[{"href":"https:\/\/ioanaciocan.com\/ro\/wp-json\/wp\/v2\/media?parent=2791"}],"curies":[{"name":"wp","href":"https:\/\/api.w.org\/{rel}","templated":true}]}}